{"id":2003,"date":"2024-12-09T15:44:17","date_gmt":"2024-12-09T15:44:17","guid":{"rendered":"https:\/\/kipt.pt\/?post_type=projetos&#038;p=2003"},"modified":"2024-12-09T15:53:13","modified_gmt":"2024-12-09T15:53:13","slug":"o-perfil-do-profissional-de-th-competencias-e-formacao","status":"publish","type":"projetos","link":"https:\/\/kipt.pt\/en\/projetos\/o-perfil-do-profissional-de-th-competencias-e-formacao\/","title":{"rendered":"O Perfil do Profissional de T&amp;H &#8211; Compet\u00eancias e Forma\u00e7\u00e3o"},"content":{"rendered":"","protected":false},"featured_media":0,"template":"","meta":{"_acf_changed":true},"class_list":["post-2003","projetos","type-projetos","status-publish","hentry"],"acf":{"imagem":2005,"fonte":"","objetivo":"","data_do_abstract":"05\/12\/2024","fonte_de_financiamento":"","conteudo":"<div class=\"elementor-element elementor-element-480a5c8 elementor-widget elementor-widget-text-editor\" data-id=\"480a5c8\" data-element_type=\"widget\" data-widget_type=\"text-editor.default\">\r\n<div class=\"elementor-widget-container\">Apresenta\u00e7\u00e3o do estudo O Perfil do Profissional de Turismo &amp; Hospitalidade - Compet\u00eancias e Forma\u00e7\u00e3o<\/div>\r\n<div><\/div>\r\n<div><\/div>\r\n<div><a href=\"https:\/\/drive.google.com\/file\/d\/13rE2t0H0fP8BwDqxwk45l9GiRfnLwgG8\/view?usp=drive_link\">DOWNLOAD DO RELAT\u00d3RIO<\/a><\/div>\r\n<div><\/div>\r\n<div><\/div>\r\n<div><strong>EIXO<\/strong>: Conhecimento\/Informa\u00e7\u00e3o e Valoriza\u00e7\u00e3o\/Capacita\u00e7\u00e3o<\/div>\r\n<div><\/div>\r\n<div><\/div>\r\n<div><strong>Data de in\u00edcio:<\/strong> janeiro de 2023<\/div>\r\n<div><\/div>\r\n<div><\/div>\r\n<div><strong>Data de conclus\u00e3o:<\/strong> dezembro 2024<\/div>\r\n<div><\/div>\r\n<div><\/div>\r\n<div><strong>Financiamento:<\/strong> PRR - Plano de Recupera\u00e7\u00e3o e Resili\u00eancia, Programa Interface<\/div>\r\n<div><\/div>\r\n<div><\/div>\r\n<div><strong>Equipa:<\/strong><\/div>\r\n<\/div>\r\n<div><\/div>\r\n<div><\/div>\r\n<div class=\"elementor-element elementor-element-4bf868d elementor-widget elementor-widget-text-editor\" data-id=\"4bf868d\" data-element_type=\"widget\" data-widget_type=\"text-editor.default\">\r\n<div class=\"elementor-widget-container\">\r\n\r\n<img class=\" wp-image-1184 alignleft\" src=\"https:\/\/kipt.pt\/wp-content\/uploads\/2022\/12\/logo_azul_short-300x122.png\" sizes=\"(max-width: 170px) 100vw, 170px\" srcset=\"https:\/\/kipt.pt\/wp-content\/uploads\/2022\/12\/logo_azul_short-300x122.png 300w, https:\/\/kipt.pt\/wp-content\/uploads\/2022\/12\/logo_azul_short.png 451w\" alt=\"\" width=\"170\" height=\"69\" \/>\r\n\r\n&nbsp;\r\n\r\n<\/div>\r\n<\/div>"},"yoast_head":"<!-- This site is optimized with the Yoast SEO plugin v23.9 - https:\/\/yoast.com\/wordpress\/plugins\/seo\/ -->\n<title>O Perfil do Profissional de T&amp;H - Compet\u00eancias e Forma\u00e7\u00e3o - KIPT<\/title>\n<meta name=\"robots\" content=\"index, follow, max-snippet:-1, max-image-preview:large, max-video-preview:-1\" \/>\n<link rel=\"canonical\" href=\"https:\/\/kipt.pt\/projetos\/o-perfil-do-profissional-de-th-competencias-e-formacao\/\" \/>\n<meta property=\"og:locale\" content=\"en_US\" \/>\n<meta property=\"og:type\" content=\"article\" \/>\n<meta property=\"og:title\" content=\"O Perfil do Profissional de T&amp;H - Compet\u00eancias e Forma\u00e7\u00e3o - KIPT\" \/>\n<meta property=\"og:url\" content=\"https:\/\/kipt.pt\/projetos\/o-perfil-do-profissional-de-th-competencias-e-formacao\/\" \/>\n<meta property=\"og:site_name\" content=\"KIPT\" \/>\n<meta property=\"article:modified_time\" content=\"2024-12-09T15:53:13+00:00\" \/>\n<meta name=\"twitter:card\" content=\"summary_large_image\" \/>\n<script type=\"application\/ld+json\" class=\"yoast-schema-graph\">{\"@context\":\"https:\/\/schema.org\",\"@graph\":[{\"@type\":\"WebPage\",\"@id\":\"https:\/\/kipt.pt\/projetos\/o-perfil-do-profissional-de-th-competencias-e-formacao\/\",\"url\":\"https:\/\/kipt.pt\/projetos\/o-perfil-do-profissional-de-th-competencias-e-formacao\/\",\"name\":\"O Perfil do Profissional de T&amp;H - Compet\u00eancias e Forma\u00e7\u00e3o - KIPT\",\"isPartOf\":{\"@id\":\"https:\/\/kipt.pt\/#website\"},\"datePublished\":\"2024-12-09T15:44:17+00:00\",\"dateModified\":\"2024-12-09T15:53:13+00:00\",\"breadcrumb\":{\"@id\":\"https:\/\/kipt.pt\/projetos\/o-perfil-do-profissional-de-th-competencias-e-formacao\/#breadcrumb\"},\"inLanguage\":\"en-US\",\"potentialAction\":[{\"@type\":\"ReadAction\",\"target\":[\"https:\/\/kipt.pt\/projetos\/o-perfil-do-profissional-de-th-competencias-e-formacao\/\"]}]},{\"@type\":\"BreadcrumbList\",\"@id\":\"https:\/\/kipt.pt\/projetos\/o-perfil-do-profissional-de-th-competencias-e-formacao\/#breadcrumb\",\"itemListElement\":[{\"@type\":\"ListItem\",\"position\":1,\"name\":\"Home\",\"item\":\"https:\/\/kipt.pt\/\"},{\"@type\":\"ListItem\",\"position\":2,\"name\":\"Projetos\",\"item\":\"https:\/\/kipt.pt\/projetos\/\"},{\"@type\":\"ListItem\",\"position\":3,\"name\":\"O Perfil do Profissional de T&amp;H &#8211; Compet\u00eancias e Forma\u00e7\u00e3o\"}]},{\"@type\":\"WebSite\",\"@id\":\"https:\/\/kipt.pt\/#website\",\"url\":\"https:\/\/kipt.pt\/\",\"name\":\"KIPT\",\"description\":\"Knowledge to Innovate Professions in Tourism\",\"publisher\":{\"@id\":\"https:\/\/kipt.pt\/#organization\"},\"potentialAction\":[{\"@type\":\"SearchAction\",\"target\":{\"@type\":\"EntryPoint\",\"urlTemplate\":\"https:\/\/kipt.pt\/?s={search_term_string}\"},\"query-input\":{\"@type\":\"PropertyValueSpecification\",\"valueRequired\":true,\"valueName\":\"search_term_string\"}}],\"inLanguage\":\"en-US\"},{\"@type\":\"Organization\",\"@id\":\"https:\/\/kipt.pt\/#organization\",\"name\":\"KIPT\",\"url\":\"https:\/\/kipt.pt\/\",\"logo\":{\"@type\":\"ImageObject\",\"inLanguage\":\"en-US\",\"@id\":\"https:\/\/kipt.pt\/#\/schema\/logo\/image\/\",\"url\":\"https:\/\/kipt.pt\/wp-content\/uploads\/2021\/07\/icon_KIPT-01-1.png\",\"contentUrl\":\"https:\/\/kipt.pt\/wp-content\/uploads\/2021\/07\/icon_KIPT-01-1.png\",\"width\":133,\"height\":133,\"caption\":\"KIPT\"},\"image\":{\"@id\":\"https:\/\/kipt.pt\/#\/schema\/logo\/image\/\"}}]}<\/script>\n<!-- \/ Yoast SEO plugin. -->","yoast_head_json":{"title":"O Perfil do Profissional de T&amp;H - Compet\u00eancias e Forma\u00e7\u00e3o - KIPT","robots":{"index":"index","follow":"follow","max-snippet":"max-snippet:-1","max-image-preview":"max-image-preview:large","max-video-preview":"max-video-preview:-1"},"canonical":"https:\/\/kipt.pt\/projetos\/o-perfil-do-profissional-de-th-competencias-e-formacao\/","og_locale":"en_US","og_type":"article","og_title":"O Perfil do Profissional de T&amp;H - Compet\u00eancias e Forma\u00e7\u00e3o - KIPT","og_url":"https:\/\/kipt.pt\/projetos\/o-perfil-do-profissional-de-th-competencias-e-formacao\/","og_site_name":"KIPT","article_modified_time":"2024-12-09T15:53:13+00:00","twitter_card":"summary_large_image","schema":{"@context":"https:\/\/schema.org","@graph":[{"@type":"WebPage","@id":"https:\/\/kipt.pt\/projetos\/o-perfil-do-profissional-de-th-competencias-e-formacao\/","url":"https:\/\/kipt.pt\/projetos\/o-perfil-do-profissional-de-th-competencias-e-formacao\/","name":"O Perfil do Profissional de T&amp;H - Compet\u00eancias e Forma\u00e7\u00e3o - KIPT","isPartOf":{"@id":"https:\/\/kipt.pt\/#website"},"datePublished":"2024-12-09T15:44:17+00:00","dateModified":"2024-12-09T15:53:13+00:00","breadcrumb":{"@id":"https:\/\/kipt.pt\/projetos\/o-perfil-do-profissional-de-th-competencias-e-formacao\/#breadcrumb"},"inLanguage":"en-US","potentialAction":[{"@type":"ReadAction","target":["https:\/\/kipt.pt\/projetos\/o-perfil-do-profissional-de-th-competencias-e-formacao\/"]}]},{"@type":"BreadcrumbList","@id":"https:\/\/kipt.pt\/projetos\/o-perfil-do-profissional-de-th-competencias-e-formacao\/#breadcrumb","itemListElement":[{"@type":"ListItem","position":1,"name":"Home","item":"https:\/\/kipt.pt\/"},{"@type":"ListItem","position":2,"name":"Projetos","item":"https:\/\/kipt.pt\/projetos\/"},{"@type":"ListItem","position":3,"name":"O Perfil do Profissional de T&amp;H &#8211; Compet\u00eancias e Forma\u00e7\u00e3o"}]},{"@type":"WebSite","@id":"https:\/\/kipt.pt\/#website","url":"https:\/\/kipt.pt\/","name":"KIPT","description":"Knowledge to Innovate Professions in Tourism","publisher":{"@id":"https:\/\/kipt.pt\/#organization"},"potentialAction":[{"@type":"SearchAction","target":{"@type":"EntryPoint","urlTemplate":"https:\/\/kipt.pt\/?s={search_term_string}"},"query-input":{"@type":"PropertyValueSpecification","valueRequired":true,"valueName":"search_term_string"}}],"inLanguage":"en-US"},{"@type":"Organization","@id":"https:\/\/kipt.pt\/#organization","name":"KIPT","url":"https:\/\/kipt.pt\/","logo":{"@type":"ImageObject","inLanguage":"en-US","@id":"https:\/\/kipt.pt\/#\/schema\/logo\/image\/","url":"https:\/\/kipt.pt\/wp-content\/uploads\/2021\/07\/icon_KIPT-01-1.png","contentUrl":"https:\/\/kipt.pt\/wp-content\/uploads\/2021\/07\/icon_KIPT-01-1.png","width":133,"height":133,"caption":"KIPT"},"image":{"@id":"https:\/\/kipt.pt\/#\/schema\/logo\/image\/"}}]}},"_links":{"self":[{"href":"https:\/\/kipt.pt\/en\/wp-json\/wp\/v2\/projetos\/2003","targetHints":{"allow":["GET"]}}],"collection":[{"href":"https:\/\/kipt.pt\/en\/wp-json\/wp\/v2\/projetos"}],"about":[{"href":"https:\/\/kipt.pt\/en\/wp-json\/wp\/v2\/types\/projetos"}],"wp:attachment":[{"href":"https:\/\/kipt.pt\/en\/wp-json\/wp\/v2\/media?parent=2003"}],"curies":[{"name":"wp","href":"https:\/\/api.w.org\/{rel}","templated":true}]}}